{"id":8365,"date":"2023-11-23T09:55:46","date_gmt":"2023-11-23T09:55:46","guid":{"rendered":"https:\/\/www.traceysolicitors.ie\/accident-at-work\/trauma-psicologico-em-moderadores-de-conteudo\/"},"modified":"2025-09-03T12:40:40","modified_gmt":"2025-09-03T11:40:40","slug":"trauma-psicologico-em-moderadores-de-conteudo","status":"publish","type":"acc_at_work","link":"https:\/\/www.traceysolicitors.ie\/pt-br\/accident-at-work\/trauma-psicologico-em-moderadores-de-conteudo\/","title":{"rendered":"Trauma psicol\u00f3gico em moderadores de conte\u00fado*"},"template":"","meta":{"_acf_changed":false,"inline_featured_image":false},"accident_article_type":[35],"class_list":["post-8365","acc_at_work","type-acc_at_work","status-publish","hentry"],"acf":[],"yoast_head":"<!-- This site is optimized with the Yoast SEO plugin v27.4 - https:\/\/yoast.com\/product\/yoast-seo-wordpress\/ -->\n<title>Trauma psicol\u00f3gico em moderadores de conte\u00fado*<\/title>\n<meta name=\"description\" content=\"Se voc\u00ea sofreu trauma psicol\u00f3gico como resultado da visualiza\u00e7\u00e3o de conte\u00fado sens\u00edvel, entre em contato com um membro de nossa equipe jur\u00eddica especializada em danos pessoais hoje mesmo para saber se podemos ajud\u00e1-lo.\" \/>\n<meta name=\"robots\" content=\"index, follow, max-snippet:-1, max-image-preview:large, max-video-preview:-1\" \/>\n<link rel=\"canonical\" href=\"https:\/\/www.traceysolicitors.ie\/pt-br\/accident-at-work\/trauma-psicologico-em-moderadores-de-conteudo\/\" \/>\n<meta property=\"og:locale\" content=\"pt_BR\" \/>\n<meta property=\"og:type\" content=\"article\" \/>\n<meta property=\"og:title\" content=\"Trauma psicol\u00f3gico em moderadores de conte\u00fado*\" \/>\n<meta property=\"og:description\" content=\"Se voc\u00ea sofreu trauma psicol\u00f3gico como resultado da visualiza\u00e7\u00e3o de conte\u00fado sens\u00edvel, entre em contato com um membro de nossa equipe jur\u00eddica especializada em danos pessoais hoje mesmo para saber se podemos ajud\u00e1-lo.\" \/>\n<meta property=\"og:url\" content=\"https:\/\/www.traceysolicitors.ie\/pt-br\/accident-at-work\/trauma-psicologico-em-moderadores-de-conteudo\/\" \/>\n<meta property=\"og:site_name\" content=\"Tracey Solicitors LLP\" \/>\n<meta property=\"article:modified_time\" content=\"2025-09-03T11:40:40+00:00\" \/>\n<meta name=\"twitter:card\" content=\"summary_large_image\" \/>\n<script type=\"application\/ld+json\" class=\"yoast-schema-graph\">{\"@context\":\"https:\\\/\\\/schema.org\",\"@graph\":[{\"@type\":\"WebPage\",\"@id\":\"https:\\\/\\\/www.traceysolicitors.ie\\\/pt-br\\\/accident-at-work\\\/trauma-psicologico-em-moderadores-de-conteudo\\\/\",\"url\":\"https:\\\/\\\/www.traceysolicitors.ie\\\/pt-br\\\/accident-at-work\\\/trauma-psicologico-em-moderadores-de-conteudo\\\/\",\"name\":\"Trauma psicol\u00f3gico em moderadores de conte\u00fado*\",\"isPartOf\":{\"@id\":\"https:\\\/\\\/www.traceysolicitors.ie\\\/pt-br\\\/#website\"},\"datePublished\":\"2023-11-23T09:55:46+00:00\",\"dateModified\":\"2025-09-03T11:40:40+00:00\",\"description\":\"Se voc\u00ea sofreu trauma psicol\u00f3gico como resultado da visualiza\u00e7\u00e3o de conte\u00fado sens\u00edvel, entre em contato com um membro de nossa equipe jur\u00eddica especializada em danos pessoais hoje mesmo para saber se podemos ajud\u00e1-lo.\",\"breadcrumb\":{\"@id\":\"https:\\\/\\\/www.traceysolicitors.ie\\\/pt-br\\\/accident-at-work\\\/trauma-psicologico-em-moderadores-de-conteudo\\\/#breadcrumb\"},\"inLanguage\":\"pt-BR\",\"potentialAction\":[{\"@type\":\"ReadAction\",\"target\":[\"https:\\\/\\\/www.traceysolicitors.ie\\\/pt-br\\\/accident-at-work\\\/trauma-psicologico-em-moderadores-de-conteudo\\\/\"]}]},{\"@type\":\"BreadcrumbList\",\"@id\":\"https:\\\/\\\/www.traceysolicitors.ie\\\/pt-br\\\/accident-at-work\\\/trauma-psicologico-em-moderadores-de-conteudo\\\/#breadcrumb\",\"itemListElement\":[{\"@type\":\"ListItem\",\"position\":1,\"name\":\"Home\",\"item\":\"https:\\\/\\\/www.traceysolicitors.ie\\\/pt-br\\\/\"},{\"@type\":\"ListItem\",\"position\":2,\"name\":\"Trauma psicol\u00f3gico em moderadores de conte\u00fado*\"}]},{\"@type\":\"WebSite\",\"@id\":\"https:\\\/\\\/www.traceysolicitors.ie\\\/pt-br\\\/#website\",\"url\":\"https:\\\/\\\/www.traceysolicitors.ie\\\/pt-br\\\/\",\"name\":\"Tracey Solicitors LLP\",\"description\":\"Personal Injury Solicitors, Dublin\",\"publisher\":{\"@id\":\"https:\\\/\\\/www.traceysolicitors.ie\\\/pt-br\\\/#organization\"},\"potentialAction\":[{\"@type\":\"SearchAction\",\"target\":{\"@type\":\"EntryPoint\",\"urlTemplate\":\"https:\\\/\\\/www.traceysolicitors.ie\\\/pt-br\\\/?s={search_term_string}\"},\"query-input\":{\"@type\":\"PropertyValueSpecification\",\"valueRequired\":true,\"valueName\":\"search_term_string\"}}],\"inLanguage\":\"pt-BR\"},{\"@type\":\"Organization\",\"@id\":\"https:\\\/\\\/www.traceysolicitors.ie\\\/pt-br\\\/#organization\",\"name\":\"Tracey Solicitors LLP\",\"url\":\"https:\\\/\\\/www.traceysolicitors.ie\\\/pt-br\\\/\",\"logo\":{\"@type\":\"ImageObject\",\"inLanguage\":\"pt-BR\",\"@id\":\"https:\\\/\\\/www.traceysolicitors.ie\\\/pt-br\\\/#\\\/schema\\\/logo\\\/image\\\/\",\"url\":\"\",\"contentUrl\":\"\",\"caption\":\"Tracey Solicitors LLP\"},\"image\":{\"@id\":\"https:\\\/\\\/www.traceysolicitors.ie\\\/pt-br\\\/#\\\/schema\\\/logo\\\/image\\\/\"}}]}<\/script>\n<!-- \/ Yoast SEO plugin. -->","yoast_head_json":{"title":"Trauma psicol\u00f3gico em moderadores de conte\u00fado*","description":"Se voc\u00ea sofreu trauma psicol\u00f3gico como resultado da visualiza\u00e7\u00e3o de conte\u00fado sens\u00edvel, entre em contato com um membro de nossa equipe jur\u00eddica especializada em danos pessoais hoje mesmo para saber se podemos ajud\u00e1-lo.","robots":{"index":"index","follow":"follow","max-snippet":"max-snippet:-1","max-image-preview":"max-image-preview:large","max-video-preview":"max-video-preview:-1"},"canonical":"https:\/\/www.traceysolicitors.ie\/pt-br\/accident-at-work\/trauma-psicologico-em-moderadores-de-conteudo\/","og_locale":"pt_BR","og_type":"article","og_title":"Trauma psicol\u00f3gico em moderadores de conte\u00fado*","og_description":"Se voc\u00ea sofreu trauma psicol\u00f3gico como resultado da visualiza\u00e7\u00e3o de conte\u00fado sens\u00edvel, entre em contato com um membro de nossa equipe jur\u00eddica especializada em danos pessoais hoje mesmo para saber se podemos ajud\u00e1-lo.","og_url":"https:\/\/www.traceysolicitors.ie\/pt-br\/accident-at-work\/trauma-psicologico-em-moderadores-de-conteudo\/","og_site_name":"Tracey Solicitors LLP","article_modified_time":"2025-09-03T11:40:40+00:00","twitter_card":"summary_large_image","schema":{"@context":"https:\/\/schema.org","@graph":[{"@type":"WebPage","@id":"https:\/\/www.traceysolicitors.ie\/pt-br\/accident-at-work\/trauma-psicologico-em-moderadores-de-conteudo\/","url":"https:\/\/www.traceysolicitors.ie\/pt-br\/accident-at-work\/trauma-psicologico-em-moderadores-de-conteudo\/","name":"Trauma psicol\u00f3gico em moderadores de conte\u00fado*","isPartOf":{"@id":"https:\/\/www.traceysolicitors.ie\/pt-br\/#website"},"datePublished":"2023-11-23T09:55:46+00:00","dateModified":"2025-09-03T11:40:40+00:00","description":"Se voc\u00ea sofreu trauma psicol\u00f3gico como resultado da visualiza\u00e7\u00e3o de conte\u00fado sens\u00edvel, entre em contato com um membro de nossa equipe jur\u00eddica especializada em danos pessoais hoje mesmo para saber se podemos ajud\u00e1-lo.","breadcrumb":{"@id":"https:\/\/www.traceysolicitors.ie\/pt-br\/accident-at-work\/trauma-psicologico-em-moderadores-de-conteudo\/#breadcrumb"},"inLanguage":"pt-BR","potentialAction":[{"@type":"ReadAction","target":["https:\/\/www.traceysolicitors.ie\/pt-br\/accident-at-work\/trauma-psicologico-em-moderadores-de-conteudo\/"]}]},{"@type":"BreadcrumbList","@id":"https:\/\/www.traceysolicitors.ie\/pt-br\/accident-at-work\/trauma-psicologico-em-moderadores-de-conteudo\/#breadcrumb","itemListElement":[{"@type":"ListItem","position":1,"name":"Home","item":"https:\/\/www.traceysolicitors.ie\/pt-br\/"},{"@type":"ListItem","position":2,"name":"Trauma psicol\u00f3gico em moderadores de conte\u00fado*"}]},{"@type":"WebSite","@id":"https:\/\/www.traceysolicitors.ie\/pt-br\/#website","url":"https:\/\/www.traceysolicitors.ie\/pt-br\/","name":"Tracey Solicitors LLP","description":"Personal Injury Solicitors, Dublin","publisher":{"@id":"https:\/\/www.traceysolicitors.ie\/pt-br\/#organization"},"potentialAction":[{"@type":"SearchAction","target":{"@type":"EntryPoint","urlTemplate":"https:\/\/www.traceysolicitors.ie\/pt-br\/?s={search_term_string}"},"query-input":{"@type":"PropertyValueSpecification","valueRequired":true,"valueName":"search_term_string"}}],"inLanguage":"pt-BR"},{"@type":"Organization","@id":"https:\/\/www.traceysolicitors.ie\/pt-br\/#organization","name":"Tracey Solicitors LLP","url":"https:\/\/www.traceysolicitors.ie\/pt-br\/","logo":{"@type":"ImageObject","inLanguage":"pt-BR","@id":"https:\/\/www.traceysolicitors.ie\/pt-br\/#\/schema\/logo\/image\/","url":"","contentUrl":"","caption":"Tracey Solicitors LLP"},"image":{"@id":"https:\/\/www.traceysolicitors.ie\/pt-br\/#\/schema\/logo\/image\/"}}]}},"_links":{"self":[{"href":"https:\/\/www.traceysolicitors.ie\/pt-br\/wp-json\/wp\/v2\/acc_at_work\/8365","targetHints":{"allow":["GET"]}}],"collection":[{"href":"https:\/\/www.traceysolicitors.ie\/pt-br\/wp-json\/wp\/v2\/acc_at_work"}],"about":[{"href":"https:\/\/www.traceysolicitors.ie\/pt-br\/wp-json\/wp\/v2\/types\/acc_at_work"}],"wp:attachment":[{"href":"https:\/\/www.traceysolicitors.ie\/pt-br\/wp-json\/wp\/v2\/media?parent=8365"}],"wp:term":[{"taxonomy":"accident_article_type","embeddable":true,"href":"https:\/\/www.traceysolicitors.ie\/pt-br\/wp-json\/wp\/v2\/accident_article_type?post=8365"}],"curies":[{"name":"wp","href":"https:\/\/api.w.org\/{rel}","templated":true}]}}