{"id":6379,"date":"2020-06-09T14:25:41","date_gmt":"2020-06-09T13:25:41","guid":{"rendered":"https:\/\/www.traceysolicitors.ie\/accident-at-work\/reivindicacoes-por-lesoes-em-funcionarios-do-varejo\/"},"modified":"2023-11-16T12:22:06","modified_gmt":"2023-11-16T12:22:06","slug":"reivindicacoes-por-lesoes-em-funcionarios-do-varejo","status":"publish","type":"acc_at_work","link":"https:\/\/www.traceysolicitors.ie\/pt-br\/accident-at-work\/reivindicacoes-por-lesoes-em-funcionarios-do-varejo\/","title":{"rendered":"Reivindica\u00e7\u00f5es Por Les\u00f5es Em Funcion\u00e1rios Do Varejo*"},"template":"","meta":{"_acf_changed":false,"inline_featured_image":false},"accident_article_type":[35],"class_list":["post-6379","acc_at_work","type-acc_at_work","status-publish","hentry"],"acf":[],"yoast_head":"<!-- This site is optimized with the Yoast SEO plugin v27.4 - https:\/\/yoast.com\/product\/yoast-seo-wordpress\/ -->\n<title>Reivindica\u00e7\u00f5es Por Les\u00f5es Em Funcion\u00e1rios Do Varejo* | Tracey Solicitors LLP<\/title>\n<meta name=\"description\" content=\"As reivindica\u00e7\u00f5es de pessoal de varejo ferido no trabalho s\u00e3o feitas quando o pessoal de varejo \u00e9 ferido como resultado de neglig\u00eancia do empregador. Para saber mais sobre reivindica\u00e7\u00f5es de acidentes de trabalho, entre em contato com nossos advogados especializados em reivindica\u00e7\u00f5es de acidentes para nos informar sobre o seu caso.\" \/>\n<meta name=\"robots\" content=\"index, follow, max-snippet:-1, max-image-preview:large, max-video-preview:-1\" \/>\n<link rel=\"canonical\" href=\"https:\/\/www.traceysolicitors.ie\/pt-br\/accident-at-work\/reivindicacoes-por-lesoes-em-funcionarios-do-varejo\/\" \/>\n<meta property=\"og:locale\" content=\"pt_BR\" \/>\n<meta property=\"og:type\" content=\"article\" \/>\n<meta property=\"og:title\" content=\"Reivindica\u00e7\u00f5es Por Les\u00f5es Em Funcion\u00e1rios Do Varejo* | Tracey Solicitors LLP\" \/>\n<meta property=\"og:description\" content=\"As reivindica\u00e7\u00f5es de pessoal de varejo ferido no trabalho s\u00e3o feitas quando o pessoal de varejo \u00e9 ferido como resultado de neglig\u00eancia do empregador. Para saber mais sobre reivindica\u00e7\u00f5es de acidentes de trabalho, entre em contato com nossos advogados especializados em reivindica\u00e7\u00f5es de acidentes para nos informar sobre o seu caso.\" \/>\n<meta property=\"og:url\" content=\"https:\/\/www.traceysolicitors.ie\/pt-br\/accident-at-work\/reivindicacoes-por-lesoes-em-funcionarios-do-varejo\/\" \/>\n<meta property=\"og:site_name\" content=\"Tracey Solicitors LLP\" \/>\n<meta property=\"article:modified_time\" content=\"2023-11-16T12:22:06+00:00\" \/>\n<meta name=\"twitter:card\" content=\"summary_large_image\" \/>\n<script type=\"application\/ld+json\" class=\"yoast-schema-graph\">{\"@context\":\"https:\\\/\\\/schema.org\",\"@graph\":[{\"@type\":\"WebPage\",\"@id\":\"https:\\\/\\\/www.traceysolicitors.ie\\\/pt-br\\\/accident-at-work\\\/reivindicacoes-por-lesoes-em-funcionarios-do-varejo\\\/\",\"url\":\"https:\\\/\\\/www.traceysolicitors.ie\\\/pt-br\\\/accident-at-work\\\/reivindicacoes-por-lesoes-em-funcionarios-do-varejo\\\/\",\"name\":\"Reivindica\u00e7\u00f5es Por Les\u00f5es Em Funcion\u00e1rios Do Varejo* | Tracey Solicitors LLP\",\"isPartOf\":{\"@id\":\"https:\\\/\\\/www.traceysolicitors.ie\\\/pt-br\\\/#website\"},\"datePublished\":\"2020-06-09T13:25:41+00:00\",\"dateModified\":\"2023-11-16T12:22:06+00:00\",\"description\":\"As reivindica\u00e7\u00f5es de pessoal de varejo ferido no trabalho s\u00e3o feitas quando o pessoal de varejo \u00e9 ferido como resultado de neglig\u00eancia do empregador. Para saber mais sobre reivindica\u00e7\u00f5es de acidentes de trabalho, entre em contato com nossos advogados especializados em reivindica\u00e7\u00f5es de acidentes para nos informar sobre o seu caso.\",\"breadcrumb\":{\"@id\":\"https:\\\/\\\/www.traceysolicitors.ie\\\/pt-br\\\/accident-at-work\\\/reivindicacoes-por-lesoes-em-funcionarios-do-varejo\\\/#breadcrumb\"},\"inLanguage\":\"pt-BR\",\"potentialAction\":[{\"@type\":\"ReadAction\",\"target\":[\"https:\\\/\\\/www.traceysolicitors.ie\\\/pt-br\\\/accident-at-work\\\/reivindicacoes-por-lesoes-em-funcionarios-do-varejo\\\/\"]}]},{\"@type\":\"BreadcrumbList\",\"@id\":\"https:\\\/\\\/www.traceysolicitors.ie\\\/pt-br\\\/accident-at-work\\\/reivindicacoes-por-lesoes-em-funcionarios-do-varejo\\\/#breadcrumb\",\"itemListElement\":[{\"@type\":\"ListItem\",\"position\":1,\"name\":\"Home\",\"item\":\"https:\\\/\\\/www.traceysolicitors.ie\\\/pt-br\\\/\"},{\"@type\":\"ListItem\",\"position\":2,\"name\":\"Reivindica\u00e7\u00f5es Por Les\u00f5es Em Funcion\u00e1rios Do Varejo*\"}]},{\"@type\":\"WebSite\",\"@id\":\"https:\\\/\\\/www.traceysolicitors.ie\\\/pt-br\\\/#website\",\"url\":\"https:\\\/\\\/www.traceysolicitors.ie\\\/pt-br\\\/\",\"name\":\"Tracey Solicitors LLP\",\"description\":\"Personal Injury Solicitors, Dublin\",\"publisher\":{\"@id\":\"https:\\\/\\\/www.traceysolicitors.ie\\\/pt-br\\\/#organization\"},\"potentialAction\":[{\"@type\":\"SearchAction\",\"target\":{\"@type\":\"EntryPoint\",\"urlTemplate\":\"https:\\\/\\\/www.traceysolicitors.ie\\\/pt-br\\\/?s={search_term_string}\"},\"query-input\":{\"@type\":\"PropertyValueSpecification\",\"valueRequired\":true,\"valueName\":\"search_term_string\"}}],\"inLanguage\":\"pt-BR\"},{\"@type\":\"Organization\",\"@id\":\"https:\\\/\\\/www.traceysolicitors.ie\\\/pt-br\\\/#organization\",\"name\":\"Tracey Solicitors LLP\",\"url\":\"https:\\\/\\\/www.traceysolicitors.ie\\\/pt-br\\\/\",\"logo\":{\"@type\":\"ImageObject\",\"inLanguage\":\"pt-BR\",\"@id\":\"https:\\\/\\\/www.traceysolicitors.ie\\\/pt-br\\\/#\\\/schema\\\/logo\\\/image\\\/\",\"url\":\"\",\"contentUrl\":\"\",\"caption\":\"Tracey Solicitors LLP\"},\"image\":{\"@id\":\"https:\\\/\\\/www.traceysolicitors.ie\\\/pt-br\\\/#\\\/schema\\\/logo\\\/image\\\/\"}}]}<\/script>\n<!-- \/ Yoast SEO plugin. -->","yoast_head_json":{"title":"Reivindica\u00e7\u00f5es Por Les\u00f5es Em Funcion\u00e1rios Do Varejo* | Tracey Solicitors LLP","description":"As reivindica\u00e7\u00f5es de pessoal de varejo ferido no trabalho s\u00e3o feitas quando o pessoal de varejo \u00e9 ferido como resultado de neglig\u00eancia do empregador. Para saber mais sobre reivindica\u00e7\u00f5es de acidentes de trabalho, entre em contato com nossos advogados especializados em reivindica\u00e7\u00f5es de acidentes para nos informar sobre o seu caso.","robots":{"index":"index","follow":"follow","max-snippet":"max-snippet:-1","max-image-preview":"max-image-preview:large","max-video-preview":"max-video-preview:-1"},"canonical":"https:\/\/www.traceysolicitors.ie\/pt-br\/accident-at-work\/reivindicacoes-por-lesoes-em-funcionarios-do-varejo\/","og_locale":"pt_BR","og_type":"article","og_title":"Reivindica\u00e7\u00f5es Por Les\u00f5es Em Funcion\u00e1rios Do Varejo* | Tracey Solicitors LLP","og_description":"As reivindica\u00e7\u00f5es de pessoal de varejo ferido no trabalho s\u00e3o feitas quando o pessoal de varejo \u00e9 ferido como resultado de neglig\u00eancia do empregador. Para saber mais sobre reivindica\u00e7\u00f5es de acidentes de trabalho, entre em contato com nossos advogados especializados em reivindica\u00e7\u00f5es de acidentes para nos informar sobre o seu caso.","og_url":"https:\/\/www.traceysolicitors.ie\/pt-br\/accident-at-work\/reivindicacoes-por-lesoes-em-funcionarios-do-varejo\/","og_site_name":"Tracey Solicitors LLP","article_modified_time":"2023-11-16T12:22:06+00:00","twitter_card":"summary_large_image","schema":{"@context":"https:\/\/schema.org","@graph":[{"@type":"WebPage","@id":"https:\/\/www.traceysolicitors.ie\/pt-br\/accident-at-work\/reivindicacoes-por-lesoes-em-funcionarios-do-varejo\/","url":"https:\/\/www.traceysolicitors.ie\/pt-br\/accident-at-work\/reivindicacoes-por-lesoes-em-funcionarios-do-varejo\/","name":"Reivindica\u00e7\u00f5es Por Les\u00f5es Em Funcion\u00e1rios Do Varejo* | Tracey Solicitors LLP","isPartOf":{"@id":"https:\/\/www.traceysolicitors.ie\/pt-br\/#website"},"datePublished":"2020-06-09T13:25:41+00:00","dateModified":"2023-11-16T12:22:06+00:00","description":"As reivindica\u00e7\u00f5es de pessoal de varejo ferido no trabalho s\u00e3o feitas quando o pessoal de varejo \u00e9 ferido como resultado de neglig\u00eancia do empregador. Para saber mais sobre reivindica\u00e7\u00f5es de acidentes de trabalho, entre em contato com nossos advogados especializados em reivindica\u00e7\u00f5es de acidentes para nos informar sobre o seu caso.","breadcrumb":{"@id":"https:\/\/www.traceysolicitors.ie\/pt-br\/accident-at-work\/reivindicacoes-por-lesoes-em-funcionarios-do-varejo\/#breadcrumb"},"inLanguage":"pt-BR","potentialAction":[{"@type":"ReadAction","target":["https:\/\/www.traceysolicitors.ie\/pt-br\/accident-at-work\/reivindicacoes-por-lesoes-em-funcionarios-do-varejo\/"]}]},{"@type":"BreadcrumbList","@id":"https:\/\/www.traceysolicitors.ie\/pt-br\/accident-at-work\/reivindicacoes-por-lesoes-em-funcionarios-do-varejo\/#breadcrumb","itemListElement":[{"@type":"ListItem","position":1,"name":"Home","item":"https:\/\/www.traceysolicitors.ie\/pt-br\/"},{"@type":"ListItem","position":2,"name":"Reivindica\u00e7\u00f5es Por Les\u00f5es Em Funcion\u00e1rios Do Varejo*"}]},{"@type":"WebSite","@id":"https:\/\/www.traceysolicitors.ie\/pt-br\/#website","url":"https:\/\/www.traceysolicitors.ie\/pt-br\/","name":"Tracey Solicitors LLP","description":"Personal Injury Solicitors, Dublin","publisher":{"@id":"https:\/\/www.traceysolicitors.ie\/pt-br\/#organization"},"potentialAction":[{"@type":"SearchAction","target":{"@type":"EntryPoint","urlTemplate":"https:\/\/www.traceysolicitors.ie\/pt-br\/?s={search_term_string}"},"query-input":{"@type":"PropertyValueSpecification","valueRequired":true,"valueName":"search_term_string"}}],"inLanguage":"pt-BR"},{"@type":"Organization","@id":"https:\/\/www.traceysolicitors.ie\/pt-br\/#organization","name":"Tracey Solicitors LLP","url":"https:\/\/www.traceysolicitors.ie\/pt-br\/","logo":{"@type":"ImageObject","inLanguage":"pt-BR","@id":"https:\/\/www.traceysolicitors.ie\/pt-br\/#\/schema\/logo\/image\/","url":"","contentUrl":"","caption":"Tracey Solicitors LLP"},"image":{"@id":"https:\/\/www.traceysolicitors.ie\/pt-br\/#\/schema\/logo\/image\/"}}]}},"_links":{"self":[{"href":"https:\/\/www.traceysolicitors.ie\/pt-br\/wp-json\/wp\/v2\/acc_at_work\/6379","targetHints":{"allow":["GET"]}}],"collection":[{"href":"https:\/\/www.traceysolicitors.ie\/pt-br\/wp-json\/wp\/v2\/acc_at_work"}],"about":[{"href":"https:\/\/www.traceysolicitors.ie\/pt-br\/wp-json\/wp\/v2\/types\/acc_at_work"}],"wp:attachment":[{"href":"https:\/\/www.traceysolicitors.ie\/pt-br\/wp-json\/wp\/v2\/media?parent=6379"}],"wp:term":[{"taxonomy":"accident_article_type","embeddable":true,"href":"https:\/\/www.traceysolicitors.ie\/pt-br\/wp-json\/wp\/v2\/accident_article_type?post=6379"}],"curies":[{"name":"wp","href":"https:\/\/api.w.org\/{rel}","templated":true}]}}